{"id":2339,"date":"2021-06-10T12:09:51","date_gmt":"2021-06-10T19:09:51","guid":{"rendered":"http:\/\/covid19.saludsonora.gob.mx\/?page_id=2339"},"modified":"2021-10-30T15:46:08","modified_gmt":"2021-10-30T22:46:08","slug":"situacion-de-covid-19","status":"publish","type":"page","link":"http:\/\/covid19.saludsonora.gob.mx\/?page_id=2339","title":{"rendered":"Situaci\u00f3n de COVID-19"},"content":{"rendered":"\n<div class=\"wp-block-image\"><figure class=\"aligncenter size-full\"><img loading=\"lazy\" decoding=\"async\" width=\"953\" height=\"350\" src=\"http:\/\/covid19.saludsonora.gob.mx\/wp-content\/uploads\/2021\/06\/BANNER-SITUACION-COVID-SONORA.png\" alt=\"\" class=\"wp-image-2342\" srcset=\"http:\/\/covid19.saludsonora.gob.mx\/wp-content\/uploads\/2021\/06\/BANNER-SITUACION-COVID-SONORA.png 953w, http:\/\/covid19.saludsonora.gob.mx\/wp-content\/uploads\/2021\/06\/BANNER-SITUACION-COVID-SONORA-768x282.png 768w\" sizes=\"(max-width: 953px) 100vw, 953px\" \/><\/figure><\/div>\n\n\n\n<h3 class=\"wp-block-heading\" id=\"Junio2020\">Junio 2020<\/h3>\n\n\n\n<ul><li><a rel=\"noreferrer noopener\" href=\"http:\/\/covid19.saludsonora.gob.mx\/wp-content\/uploads\/2021\/06\/SITUACION-EPIDEMIOLOGICA-Y-TABLERO-Jun.01.2020.pdf\" target=\"_blank\">SITUACI\u00d3N EPIDEMIOLOGICA Y TABLERO&#8212;Jun.01.2020<\/a><\/li><li><a rel=\"noreferrer noopener\" href=\"http:\/\/covid19.saludsonora.gob.mx\/wp-content\/uploads\/2021\/06\/SITUACION-EPIDEMIOLOGICA-Y-TABLERO-Jun.02.2020.pdf\" target=\"_blank\">SITUACI\u00d3N EPIDEMIOLOGICA Y TABLERO&#8212;Jun.02.2020<\/a><\/li><li><a rel=\"noreferrer noopener\" href=\"http:\/\/covid19.saludsonora.gob.mx\/wp-content\/uploads\/2021\/06\/SITUACION-EPIDEMIOLOGICA-Y-TABLERO-Jun.07.2020.pdf\" target=\"_blank\">SITUACI\u00d3N EPIDEMIOLOGICA Y TABLERO&#8212;Jun.07.2020<\/a><\/li><li><a rel=\"noreferrer noopener\" href=\"http:\/\/covid19.saludsonora.gob.mx\/wp-content\/uploads\/2021\/06\/SITUACION-EPIDEMIOLOGICA-Y-TABLERO-COVID-19-Jun.09.2020.pdf\" target=\"_blank\">SITUACI\u00d3N EPIDEMIOL\u00d3GICA Y TABLERO COVID-19&#8212;Jun.09.2020<\/a><\/li><li><a rel=\"noreferrer noopener\" href=\"http:\/\/covid19.saludsonora.gob.mx\/wp-content\/uploads\/2021\/06\/SITUACION-EPIDEMIOLOGICA-COVID-19-POSICIONAMIENTO-Jun.10.2020.pdf\" target=\"_blank\">SITUACI\u00d3N EPIDEMIOL\u00d3GICA COVID-19 (POSICIONAMIENTO)&#8212;Jun.10.2020<\/a><\/li><li><a rel=\"noreferrer noopener\" href=\"http:\/\/covid19.saludsonora.gob.mx\/wp-content\/uploads\/2021\/06\/SITUACION-EPIDEMIOLOGICA-COVID-19-PARA-DIPUTADOS-Jun.14.2020.pdf\" target=\"_blank\">SITUACI\u00d3N EPIDEMIOL\u00d3GICA COVID-19 PARA DIPUTADOS&#8212;Jun.14.2020<\/a><\/li><li><a rel=\"noreferrer noopener\" href=\"http:\/\/covid19.saludsonora.gob.mx\/wp-content\/uploads\/2021\/06\/SITUACION-EPIDEMIOLOGICA-COVID-19-PRESIDENTES-Jun.15.2020.pdf\" target=\"_blank\">SITUACI\u00d3N EPIDEMIOL\u00d3GICA COVID-19 PRESIDENTES&#8212;Jun.15.2020<\/a><\/li><li><a rel=\"noreferrer noopener\" href=\"http:\/\/covid19.saludsonora.gob.mx\/wp-content\/uploads\/2021\/06\/SITUACION-EPIDEMIOLOGICA-COVID-19-Jun.20.2020.pdf\" target=\"_blank\">SITUACI\u00d3N EPIDEMIOL\u00d3GICA COVID-19&#8212;Jun.20.2020<\/a><\/li><li><a rel=\"noreferrer noopener\" href=\"http:\/\/covid19.saludsonora.gob.mx\/wp-content\/uploads\/2021\/06\/COVID-19.-SITUACION-Y-TABLERO-Jun.21.2020.pdf\" target=\"_blank\">COVID-19. SITUACI\u00d3N Y TABLERO&#8212;Jun.21.2020<\/a><\/li><li><a rel=\"noreferrer noopener\" href=\"http:\/\/covid19.saludsonora.gob.mx\/wp-content\/uploads\/2021\/06\/COVID-19.-SITUACION-Y-TABLERO-Jun.24.2020.pdf\" target=\"_blank\">COVID-19. SITUACI\u00d3N Y TABLERO&#8212;Jun.24.2020<\/a><\/li><\/ul>\n\n\n\n<h3 class=\"wp-block-heading\" id=\"Julio2020\">Julio 2020<\/h3>\n\n\n\n<ul><li><a href=\"http:\/\/covid19.saludsonora.gob.mx\/wp-content\/uploads\/2021\/06\/COVID-19-POR-JURISDICCION-Jul.24.2020.pdf\" target=\"_blank\" rel=\"noreferrer noopener\">COVID-19 POR JURISDICCI\u00d3N&#8212;Jul.24.2020<\/a><\/li><li><a href=\"http:\/\/covid19.saludsonora.gob.mx\/wp-content\/uploads\/2021\/06\/COVID-19-POR-JURISDICCION-Jul.25.2020.pdf\" target=\"_blank\" rel=\"noreferrer noopener\">COVID-19 POR JURISDICCI\u00d3N&#8212;Jul.25.2020<\/a><\/li><li><a href=\"http:\/\/covid19.saludsonora.gob.mx\/wp-content\/uploads\/2021\/06\/COVID-19.-MORTALIDAD-Jul.31.2020.pdf\" target=\"_blank\" rel=\"noreferrer noopener\">COVID-19. MORTALIDAD&#8212;Jul.31.2020<\/a><\/li><li><a href=\"http:\/\/covid19.saludsonora.gob.mx\/wp-content\/uploads\/2021\/06\/COVID-19.-SITUACION-Y-LETALIDAD.-Jul.28.2020.pdf\" target=\"_blank\" rel=\"noreferrer noopener\">COVID-19. SITUACI\u00d3N Y LETALIDAD. Jul.28.2020<\/a><\/li><li><a href=\"http:\/\/covid19.saludsonora.gob.mx\/wp-content\/uploads\/2021\/06\/COVID-19.-SITUACION-Y-TABLERO.-Jul.01.2020.pdf\" target=\"_blank\" rel=\"noreferrer noopener\">COVID-19. SITUACI\u00d3N Y TABLERO. Jul.01.2020<\/a><\/li><li><a href=\"http:\/\/covid19.saludsonora.gob.mx\/wp-content\/uploads\/2021\/06\/COVID-19.-SITUACION-Y-TABLERO.-Jul.02.2020.pdf\" target=\"_blank\" rel=\"noreferrer noopener\">COVID-19. SITUACI\u00d3N Y TABLERO. Jul.02.2020<\/a><\/li><li><a href=\"http:\/\/covid19.saludsonora.gob.mx\/wp-content\/uploads\/2021\/06\/COVID-19.-SITUACION-Y-TABLERO.-Jul.07.2020.pdf\" target=\"_blank\" rel=\"noreferrer noopener\">COVID-19. SITUACI\u00d3N Y TABLERO. Jul.07.2020<\/a><\/li><li><a href=\"http:\/\/covid19.saludsonora.gob.mx\/wp-content\/uploads\/2021\/06\/COVID-19.-SITUACION-Y-TABLERO.-Jul.09.2020.pdf\" target=\"_blank\" rel=\"noreferrer noopener\">COVID-19. SITUACI\u00d3N Y TABLERO. Jul.09.2020<\/a><\/li><li><a href=\"http:\/\/covid19.saludsonora.gob.mx\/wp-content\/uploads\/2021\/06\/COVID-19.-SITUACION-Y-TABLERO.-Jul.22.2020.pdf\" target=\"_blank\" rel=\"noreferrer noopener\">COVID-19. SITUACI\u00d3N Y TABLERO. Jul.22.2020<\/a><\/li><li><a href=\"http:\/\/covid19.saludsonora.gob.mx\/wp-content\/uploads\/2021\/06\/COVID-19.-SITUACION-Y-TABLERO.-Jul.29.2020.pdf\" target=\"_blank\" rel=\"noreferrer noopener\">COVID-19. SITUACI\u00d3N Y TABLERO. Jul.29.2020<\/a><\/li><li><a href=\"http:\/\/covid19.saludsonora.gob.mx\/wp-content\/uploads\/2021\/06\/COVID-19.-SITUACION-Y-TABLERO.-Jul.30.2020.pdf\" target=\"_blank\" rel=\"noreferrer noopener\">COVID-19. SITUACI\u00d3N Y TABLERO. Jul.30.2020<\/a><\/li><li><a href=\"http:\/\/covid19.saludsonora.gob.mx\/wp-content\/uploads\/2021\/06\/COVID-19.-SITUACION-Y-TABLERO-Jul.17.2020.pdf\" target=\"_blank\" rel=\"noreferrer noopener\">COVID-19. SITUACI\u00d3N Y TABLERO&#8212;Jul.17.2020<\/a><\/li><\/ul>\n\n\n\n<h3 class=\"wp-block-heading\" id=\"Agosto2020\">Agosto 2020<\/h3>\n\n\n\n<ul><li><a href=\"http:\/\/covid19.saludsonora.gob.mx\/wp-content\/uploads\/2021\/06\/ANTICIPA-INDICADORES-Y-REPORTE-HOSPITALARIO-SEM-30-2020.pdf\" target=\"_blank\" rel=\"noreferrer noopener\">ANTICIPA, INDICADORES Y REPORTE HOSPITALARIO, SEM 30-2020<\/a><\/li><li><a href=\"http:\/\/covid19.saludsonora.gob.mx\/wp-content\/uploads\/2021\/06\/COVID-19.-SITUACION-Y-TABLERO-CES.Ago_.04.2020-FINAL.pdf\" target=\"_blank\" rel=\"noreferrer noopener\">COVID-19. SITUACI\u00d3N Y TABLERO (CES).Ago.04.2020 (FINAL)<\/a><\/li><li><a href=\"http:\/\/covid19.saludsonora.gob.mx\/wp-content\/uploads\/2021\/06\/INDICE-COVID-19-ANTICIPA-Y-REPORTE-HOSPITALARIO-SEM-30-2020.pdf\" target=\"_blank\" rel=\"noreferrer noopener\">INDICE COVID-19, ANTICIPA Y REPORTE HOSPITALARIO, SEM 30-2020<\/a><\/li><li><a href=\"http:\/\/covid19.saludsonora.gob.mx\/wp-content\/uploads\/2021\/06\/SITUACION-ACTUAL-Y-PERSPECTIVAS-COVID-19-Ago.21.2020.pdf\" target=\"_blank\" rel=\"noreferrer noopener\">SITUACI\u00d3N ACTUAL Y PERSPECTIVAS COVID-19&#8212;Ago.21.2020<\/a><\/li><\/ul>\n\n\n\n<h3 class=\"wp-block-heading\" id=\"Septiembre2020\">Septiembre 2020<\/h3>\n\n\n\n<ul><li><a href=\"http:\/\/covid19.saludsonora.gob.mx\/wp-content\/uploads\/2021\/06\/COVID-19-DOS-DIAPOS.pptx\" target=\"_blank\" rel=\"noreferrer noopener\">COVID-19 DOS DIAPOS<\/a><\/li><li><a href=\"http:\/\/covid19.saludsonora.gob.mx\/wp-content\/uploads\/2021\/06\/MAPA-MUNDIAL-COVID-19-SEPT.29.2020.pptx\" target=\"_blank\" rel=\"noreferrer noopener\">MAPA MUNDIAL COVID-19 SEPT.29.2020<\/a><\/li><li><a href=\"http:\/\/covid19.saludsonora.gob.mx\/wp-content\/uploads\/2021\/06\/Situacion-de-COVID-19-en-Sonora-para-RSMS-Sep.03.2020.pdf\" target=\"_blank\" rel=\"noreferrer noopener\">Situaci\u00f3n de COVID-19 en Sonora para RSMS&#8212;Sep.03.2020<\/a><\/li><li><a href=\"http:\/\/covid19.saludsonora.gob.mx\/wp-content\/uploads\/2021\/06\/Situacion-de-COVID-19-en-Sonora-Sep.01.2020.pdf\" target=\"_blank\" rel=\"noreferrer noopener\">Situaci\u00f3n de COVID-19 en Sonora&#8212;Sep.01.2020<\/a><\/li><li><a href=\"http:\/\/covid19.saludsonora.gob.mx\/wp-content\/uploads\/2021\/06\/Situacion-epidemiologica-de-COVID-19-en-Sonora-Sep.07.2020.pdf\" target=\"_blank\" rel=\"noreferrer noopener\">Situaci\u00f3n epidemiol\u00f3gica de COVID-19 en Sonora&#8212;Sep.07.2020<\/a><\/li><li><a href=\"http:\/\/covid19.saludsonora.gob.mx\/wp-content\/uploads\/2021\/06\/Situacion-epidemiologica-de-COVID-19-en-Sonora-Sep.07.2020.pptx\" target=\"_blank\" rel=\"noreferrer noopener\">Situaci\u00f3n epidemiol\u00f3gica de COVID-19 en Sonora&#8212;Sep.07.2020<\/a><\/li><li><a href=\"http:\/\/covid19.saludsonora.gob.mx\/wp-content\/uploads\/2021\/06\/Situacion-epidemiologica-de-COVID-19-en-Sonora-Sep.14.2020.pptx\" target=\"_blank\" rel=\"noreferrer noopener\">Situaci\u00f3n epidemiol\u00f3gica de COVID-19 en Sonora&#8212;Sep.14.2020<\/a><\/li><li><a href=\"http:\/\/covid19.saludsonora.gob.mx\/wp-content\/uploads\/2021\/06\/Situacion-epidemiologica-de-COVID-19-en-Sonora-Sep.15.2020.pdf\" target=\"_blank\" rel=\"noreferrer noopener\">Situaci\u00f3n epidemiol\u00f3gica de COVID-19 en Sonora&#8212;Sep.15.2020<\/a><\/li><li><a href=\"http:\/\/covid19.saludsonora.gob.mx\/wp-content\/uploads\/2021\/06\/Situacion-epidemiologica-de-COVID-19-en-Sonora-Sep.23.2020.pdf\" target=\"_blank\" rel=\"noreferrer noopener\">Situaci\u00f3n epidemiol\u00f3gica de COVID-19 en Sonora&#8212;Sep.23.2020<\/a><\/li><li><a href=\"http:\/\/covid19.saludsonora.gob.mx\/wp-content\/uploads\/2021\/06\/Situacion-epidemiologica-de-COVID-19-en-Sonora-Sep.28.2020.pdf\" target=\"_blank\" rel=\"noreferrer noopener\">Situaci\u00f3n epidemiol\u00f3gica de COVID-19 en Sonora&#8212;Sep.28.2020<\/a><\/li><li><a href=\"http:\/\/covid19.saludsonora.gob.mx\/wp-content\/uploads\/2021\/06\/Situacion-epidemiologica-de-COVID-19-en-Sonora-Sep.28.2020.pptx\" target=\"_blank\" rel=\"noreferrer noopener\">Situaci\u00f3n epidemiol\u00f3gica de COVID-19 en Sonora&#8212;Sep.28.2020<\/a><\/li><\/ul>\n\n\n\n<h3 class=\"wp-block-heading\" id=\"Octubre2020\">Octubre 2020<\/h3>\n\n\n\n<ul><li><a href=\"http:\/\/covid19.saludsonora.gob.mx\/wp-content\/uploads\/2021\/06\/Situacion-COVID-19-para-CES-Oct.29.2020.pdf\" target=\"_blank\" rel=\"noreferrer noopener\">Situaci\u00f3n COVID-19 para CES&#8212;Oct.29.2020<\/a><\/li><li><a href=\"http:\/\/covid19.saludsonora.gob.mx\/wp-content\/uploads\/2021\/06\/Situacion-COVID-19-para-zoom-Oct.29.2020.pdf\" target=\"_blank\" rel=\"noreferrer noopener\">Situaci\u00f3n COVID-19 para zoom&#8212;Oct.29.2020<\/a><\/li><li><a href=\"http:\/\/covid19.saludsonora.gob.mx\/wp-content\/uploads\/2021\/06\/Situacion-epidemiologica-de-COVID-19-en-Sonora-Oct.04.2020.pdf\" target=\"_blank\" rel=\"noreferrer noopener\">Situaci\u00f3n epidemiol\u00f3gica de COVID-19 en Sonora&#8212;Oct.04.2020<\/a><\/li><li><a href=\"http:\/\/covid19.saludsonora.gob.mx\/wp-content\/uploads\/2021\/06\/Situacion-epidemiologica-de-COVID-19-en-Sonora-Oct.12.2020.pdf\" target=\"_blank\" rel=\"noreferrer noopener\">Situaci\u00f3n epidemiol\u00f3gica de COVID-19 en Sonora&#8212;Oct.12.2020<\/a><\/li><li><a href=\"http:\/\/covid19.saludsonora.gob.mx\/wp-content\/uploads\/2021\/06\/Situacion-epidemiologica-de-COVID-19-en-Sonora-Oct.19.2020.pdf\" target=\"_blank\" rel=\"noreferrer noopener\">Situaci\u00f3n epidemiol\u00f3gica de COVID-19 en Sonora&#8212;Oct.19.2020<\/a><\/li><li><a href=\"http:\/\/covid19.saludsonora.gob.mx\/wp-content\/uploads\/2021\/06\/Situacion-epidemiologica-de-COVID-19-en-Sonora-Oct.26.2020.pdf\" target=\"_blank\" rel=\"noreferrer noopener\">Situaci\u00f3n epidemiol\u00f3gica de COVID-19 en Sonora&#8212;Oct.26.2020<\/a><\/li><li><a href=\"http:\/\/covid19.saludsonora.gob.mx\/wp-content\/uploads\/2021\/06\/Situacion-epidemiologica-de-COVID-19-en-Sonora-Oct.26.2020.pptx\" target=\"_blank\" rel=\"noreferrer noopener\">Situaci\u00f3n epidemiol\u00f3gica de COVID-19 en Sonora&#8212;Oct.26.2020<\/a><\/li><\/ul>\n\n\n\n<h3 class=\"wp-block-heading\" id=\"Noviembre2020\">Noviembre 2020<\/h3>\n\n\n\n<ul><li><a href=\"http:\/\/covid19.saludsonora.gob.mx\/wp-content\/uploads\/2021\/06\/COVID-19-PARA-REUNION-INTERSECRETARIAL.pdf\" target=\"_blank\" rel=\"noreferrer noopener\">COVID-19 PARA REUNION INTERSECRETARIAL<\/a><\/li><li><a href=\"http:\/\/covid19.saludsonora.gob.mx\/wp-content\/uploads\/2021\/06\/SITUACION-COVID-19-Nov.18.2020.pdf\" target=\"_blank\" rel=\"noreferrer noopener\">SITUACION COVID-19&#8212;Nov.18.2020<\/a><\/li><li><a href=\"http:\/\/covid19.saludsonora.gob.mx\/wp-content\/uploads\/2021\/06\/Situacion-de-COVID-19-en-Sonora-Nov.03.2020.pdf\" target=\"_blank\" rel=\"noreferrer noopener\">Situaci\u00f3n de COVID-19 en Sonora&#8212;Nov.03.2020<\/a><\/li><li><a href=\"http:\/\/covid19.saludsonora.gob.mx\/wp-content\/uploads\/2021\/06\/Situacion-de-COVID-19-en-Sonora-Nov.09.2020.pdf\" target=\"_blank\" rel=\"noreferrer noopener\">Situaci\u00f3n de COVID-19 en Sonora&#8212;Nov.09.2020<\/a><\/li><li><a href=\"http:\/\/covid19.saludsonora.gob.mx\/wp-content\/uploads\/2021\/06\/Situacion-de-COVID-19-en-Sonora-Nov.09.2020.pptx\" target=\"_blank\" rel=\"noreferrer noopener\">Situaci\u00f3n de COVID-19 en Sonora&#8212;Nov.09.2020<\/a><\/li><li><a href=\"http:\/\/covid19.saludsonora.gob.mx\/wp-content\/uploads\/2021\/06\/Situacion-de-COVID-19-en-Sonora-Nov.16.2020.pdf\" target=\"_blank\" rel=\"noreferrer noopener\">Situaci\u00f3n de COVID-19 en Sonora&#8212;Nov.16.2020<\/a><\/li><li><a href=\"http:\/\/covid19.saludsonora.gob.mx\/wp-content\/uploads\/2021\/06\/Situacion-de-COVID-19-en-Sonora-Nov.23.2020-CES.pdf\" target=\"_blank\" rel=\"noreferrer noopener\">Situaci\u00f3n de COVID-19 en Sonora&#8212;Nov.23.2020 (CES)<\/a><\/li><li><a href=\"http:\/\/covid19.saludsonora.gob.mx\/wp-content\/uploads\/2021\/06\/Situacion-de-COVID-19-en-Sonora-Nov.23.2020-CES.pptx\" target=\"_blank\" rel=\"noreferrer noopener\">Situaci\u00f3n de COVID-19 en Sonora&#8212;Nov.23.2020 (CES)<\/a><\/li><\/ul>\n\n\n\n<h3 class=\"wp-block-heading\" id=\"Diciembre2020\">Diciembre 2020<\/h3>\n\n\n\n<ul><li><a rel=\"noreferrer noopener\" href=\"http:\/\/covid19.saludsonora.gob.mx\/wp-content\/uploads\/2021\/06\/Indicadores-epidemiologicos-de-COVID-19-Dic.17.2020.pdf\" target=\"_blank\">Indicadores epidemiol\u00f3gicos de COVID-19&#8212;Dic.17.2020<\/a><\/li><li><a rel=\"noreferrer noopener\" href=\"http:\/\/covid19.saludsonora.gob.mx\/wp-content\/uploads\/2021\/06\/Por-que-Sonora-esta-en-naranja-Sem-50.pptx\" target=\"_blank\">Por qu\u00e9 Sonora est\u00e1 en naranja&#8212;Sem 50<\/a><\/li><li><a rel=\"noreferrer noopener\" href=\"http:\/\/covid19.saludsonora.gob.mx\/wp-content\/uploads\/2021\/06\/Situacion-de-COVID-19-en-Sonora-Dic.03.2020.pdf\" target=\"_blank\">Situaci\u00f3n de COVID-19 en Sonora&#8212;Dic.03.2020<\/a><\/li><li><a rel=\"noreferrer noopener\" href=\"http:\/\/covid19.saludsonora.gob.mx\/wp-content\/uploads\/2021\/06\/Situacion-de-COVID-19-en-Sonora-Dic.03.2020.pptx\" target=\"_blank\">Situaci\u00f3n de COVID-19 en Sonora&#8212;Dic.03.2020<\/a><\/li><li><a rel=\"noreferrer noopener\" href=\"http:\/\/covid19.saludsonora.gob.mx\/wp-content\/uploads\/2021\/06\/Situacion-de-COVID-19-en-Sonora-Dic.08.2020.pdf\" target=\"_blank\">Situaci\u00f3n de COVID-19 en Sonora&#8212;Dic.08.2020<\/a><\/li><li><a rel=\"noreferrer noopener\" href=\"http:\/\/covid19.saludsonora.gob.mx\/wp-content\/uploads\/2021\/06\/Situacion-de-COVID-19-en-Sonora-Dic.08.2020.pptx\" target=\"_blank\">Situaci\u00f3n de COVID-19 en Sonora&#8212;Dic.08.2020<\/a><\/li><li><a rel=\"noreferrer noopener\" href=\"http:\/\/covid19.saludsonora.gob.mx\/wp-content\/uploads\/2021\/06\/Situacion-de-COVID-19-en-Sonora-Dic.15.2020.pdf\" target=\"_blank\">Situaci\u00f3n de COVID-19 en Sonora&#8212;Dic.15.2020<\/a><\/li><li><a rel=\"noreferrer noopener\" href=\"http:\/\/covid19.saludsonora.gob.mx\/wp-content\/uploads\/2021\/06\/Situacion-de-COVID-19-en-Sonora-Dic.22.2020.pdf\" target=\"_blank\">Situaci\u00f3n de COVID-19 en Sonora&#8212;Dic.22.2020<\/a><\/li><li><a href=\"http:\/\/covid19.saludsonora.gob.mx\/wp-content\/uploads\/2021\/07\/Por-que-Sonora-esta-en-naranja-Dic.19.2020.pdf\" target=\"_blank\" rel=\"noreferrer noopener\">Por qu\u00e9 Sonora est\u00e1 en naranja&#8212;Dic.19.2020<\/a><\/li><\/ul>\n\n\n\n<h3 class=\"wp-block-heading\" id=\"Enero2021\">Enero 2021<\/h3>\n\n\n\n<ul><li><a rel=\"noreferrer noopener\" href=\"http:\/\/covid19.saludsonora.gob.mx\/wp-content\/uploads\/2021\/06\/PRESENTACION-EVALUACION.pptx\" target=\"_blank\">PRESENTACI\u00d3N EVALUACION<\/a><\/li><li><a rel=\"noreferrer noopener\" href=\"http:\/\/covid19.saludsonora.gob.mx\/wp-content\/uploads\/2021\/06\/SITUACION-COVID-19-REUNION-MONITOR-Ene.29.2021.pdf\" target=\"_blank\">SITUACION COVID-19 REUNION MONITOR&#8212;Ene.29.2021<\/a><\/li><li><a rel=\"noreferrer noopener\" href=\"http:\/\/covid19.saludsonora.gob.mx\/wp-content\/uploads\/2021\/06\/SITUACION-COVID-19-Ene.06.2021.pdf\" target=\"_blank\">SITUACION COVID-19&#8212;Ene.06.2021<\/a><\/li><li><a rel=\"noreferrer noopener\" href=\"http:\/\/covid19.saludsonora.gob.mx\/wp-content\/uploads\/2021\/06\/SITUACION-COVID-19-Ene.08.2021.pdf\" target=\"_blank\">SITUACION COVID-19&#8212;Ene.08.2021<\/a><\/li><li><a rel=\"noreferrer noopener\" href=\"http:\/\/covid19.saludsonora.gob.mx\/wp-content\/uploads\/2021\/06\/SITUACION-COVID-19-Ene.14.2021.pdf\" target=\"_blank\">SITUACION COVID-19&#8212;Ene.14.2021<\/a><\/li><li><a rel=\"noreferrer noopener\" href=\"http:\/\/covid19.saludsonora.gob.mx\/wp-content\/uploads\/2021\/06\/SITUACION-COVID-19-Ene.19.2021.pdf\" target=\"_blank\">SITUACION COVID-19&#8212;Ene.19.2021<\/a><\/li><li><a rel=\"noreferrer noopener\" href=\"http:\/\/covid19.saludsonora.gob.mx\/wp-content\/uploads\/2021\/06\/SITUACION-COVID-19-Ene.23.2021.pdf\" target=\"_blank\">SITUACION COVID-19&#8212;Ene.23.2021<\/a><\/li><li><a rel=\"noreferrer noopener\" href=\"http:\/\/covid19.saludsonora.gob.mx\/wp-content\/uploads\/2021\/06\/SITUACION-COVID-19-Ene.25.2021.pdf\" target=\"_blank\">SITUACION COVID-19&#8212;Ene.25.2021<\/a><\/li><li><a href=\"http:\/\/covid19.saludsonora.gob.mx\/wp-content\/uploads\/2021\/07\/Por-que-Sonora-esta-en-naranja-Ene.02.2021.pdf\" target=\"_blank\" rel=\"noreferrer noopener\">Por qu\u00e9 Sonora est\u00e1 en naranja&#8212;Ene.02.2021<\/a><\/li><li><a href=\"http:\/\/covid19.saludsonora.gob.mx\/wp-content\/uploads\/2021\/07\/Por-que-Sonora-esta-en-naranja-Ene.09.2021.pdf\" target=\"_blank\" rel=\"noreferrer noopener\">Por qu\u00e9 Sonora est\u00e1 en naranja&#8212;Ene.09.2021<\/a><\/li><li><a href=\"http:\/\/covid19.saludsonora.gob.mx\/wp-content\/uploads\/2021\/07\/Por-que-Sonora-esta-en-naranja-Ene.18-24.2021.pdf\" target=\"_blank\" rel=\"noreferrer noopener\">Por qu\u00e9 Sonora est\u00e1 en naranja&#8212;Ene.18-24.2021<\/a><\/li><li><a href=\"http:\/\/covid19.saludsonora.gob.mx\/wp-content\/uploads\/2021\/07\/Por-que-Sonora-esta-en-naranja-Ene.25-31.2021.pdf\" target=\"_blank\" rel=\"noreferrer noopener\">Por qu\u00e9 Sonora est\u00e1 en naranja&#8212;Ene.25-31.2021<\/a><\/li><\/ul>\n\n\n\n<h3 class=\"wp-block-heading\" id=\"Febrero2021\">Febrero 2021<\/h3>\n\n\n\n<ul><li><a rel=\"noreferrer noopener\" href=\"http:\/\/covid19.saludsonora.gob.mx\/wp-content\/uploads\/2021\/06\/SITUACION-COVID-19-Feb.04.2021.pdf\" target=\"_blank\">SITUACI\u00d3N COVID-19&#8212;Feb.04.2021<\/a><\/li><li><a rel=\"noreferrer noopener\" href=\"http:\/\/covid19.saludsonora.gob.mx\/wp-content\/uploads\/2021\/06\/SITUACION-COVID-19-Feb.04.2021.pptx\" target=\"_blank\">SITUACI\u00d3N COVID-19&#8212;Feb.04.2021<\/a><\/li><li><a rel=\"noreferrer noopener\" href=\"http:\/\/covid19.saludsonora.gob.mx\/wp-content\/uploads\/2021\/06\/SITUACION-COVID-19-Feb.13.2021-rueda-de-prensa.pptx\" target=\"_blank\">SITUACI\u00d3N COVID-19&#8212;Feb.13.2021 (rueda de prensa)<\/a><\/li><li><a rel=\"noreferrer noopener\" href=\"http:\/\/covid19.saludsonora.gob.mx\/wp-content\/uploads\/2021\/06\/SITUACION-COVID-19-Feb.17.2021.pdf\" target=\"_blank\">SITUACION COVID-19&#8212;Feb.17.2021<\/a><\/li><li><a rel=\"noreferrer noopener\" href=\"http:\/\/covid19.saludsonora.gob.mx\/wp-content\/uploads\/2021\/06\/SITUACION-COVID-19-Feb.26.2021.pdf\" target=\"_blank\">SITUACI\u00d3N COVID-19&#8212;Feb.26.2021<\/a><\/li><li><a href=\"http:\/\/covid19.saludsonora.gob.mx\/wp-content\/uploads\/2021\/07\/Por-que-Sonora-esta-en-naranja-Feb.01-07.2021.pdf\" target=\"_blank\" rel=\"noreferrer noopener\">Por qu\u00e9 Sonora est\u00e1 en naranja &#8211; -Feb.01-07.2021<\/a><\/li><li><a href=\"http:\/\/covid19.saludsonora.gob.mx\/wp-content\/uploads\/2021\/07\/Por-que-Sonora-esta-en-naranja-Feb.08-14.2021.pdf\" target=\"_blank\" rel=\"noreferrer noopener\">Por qu\u00e9 Sonora est\u00e1 en naranja &#8211; -Feb.08-14.2021<\/a><\/li><li><a href=\"http:\/\/covid19.saludsonora.gob.mx\/wp-content\/uploads\/2021\/07\/Por-que-Sonora-esta-en-amarillo-Feb.15-21.2021.pdf\" target=\"_blank\" rel=\"noreferrer noopener\">Por qu\u00e9 Sonora est\u00e1 en amarillo&#8212;Feb.15-21.2021<\/a><\/li><li><a href=\"http:\/\/covid19.saludsonora.gob.mx\/wp-content\/uploads\/2021\/07\/Por-que-Sonora-esta-en-amarillo-Feb.22-28.2021.pdf\" target=\"_blank\" rel=\"noreferrer noopener\">Por qu\u00e9 Sonora est\u00e1 en amarillo&#8212;Feb.22-28.2021<\/a><\/li><\/ul>\n\n\n\n<h3 class=\"wp-block-heading\" id=\"Marzo2021\">Marzo 2021<\/h3>\n\n\n\n<ul><li><a rel=\"noreferrer noopener\" href=\"http:\/\/covid19.saludsonora.gob.mx\/wp-content\/uploads\/2021\/06\/PROTOCOLO-SEMANA-SANTA.pptx\" target=\"_blank\">PROTOCOLO SEMANA SANTA<\/a><\/li><li><a rel=\"noreferrer noopener\" href=\"http:\/\/covid19.saludsonora.gob.mx\/wp-content\/uploads\/2021\/06\/REUNION-CES-Mar.11.2021.pdf\" target=\"_blank\">REUNION CES&#8212;Mar.11.2021<\/a><\/li><li><a rel=\"noreferrer noopener\" href=\"http:\/\/covid19.saludsonora.gob.mx\/wp-content\/uploads\/2021\/06\/REUNION-MONITOR-COVID-2-Mar.10.2021.pdf\" target=\"_blank\">REUNION MONITOR COVID (2)&#8212;Mar.10.2021<\/a><\/li><li><a rel=\"noreferrer noopener\" href=\"http:\/\/covid19.saludsonora.gob.mx\/wp-content\/uploads\/2021\/06\/REUNION-MONITOR-COVID-Mar.10.2021.pdf\" target=\"_blank\">REUNION MONITOR COVID&#8212;Mar.10.2021<\/a><\/li><li><a rel=\"noreferrer noopener\" href=\"http:\/\/covid19.saludsonora.gob.mx\/wp-content\/uploads\/2021\/06\/REUNION-PDTES.-MUNICIPALES-Mar.12.2021.pdf\" target=\"_blank\">REUNION PDTES. MUNICIPALES&#8212;Mar.12.2021<\/a><\/li><li><a rel=\"noreferrer noopener\" href=\"http:\/\/covid19.saludsonora.gob.mx\/wp-content\/uploads\/2021\/06\/REUNION-SEC-UNIVERSIDADES-Mar.10.2021.pdf\" target=\"_blank\">REUNION SEC-UNIVERSIDADES&#8212;Mar.10.2021<\/a><\/li><li><a rel=\"noreferrer noopener\" href=\"http:\/\/covid19.saludsonora.gob.mx\/wp-content\/uploads\/2021\/06\/REUNION-SEC-UNIVERSIDADES-Mar.10.2021.pptx\" target=\"_blank\">REUNION SEC-UNIVERSIDADES&#8212;Mar.10.2021<\/a><\/li><li><a rel=\"noreferrer noopener\" href=\"http:\/\/covid19.saludsonora.gob.mx\/wp-content\/uploads\/2021\/06\/SITUACION-COVID-19-Mar.05.2021.pdf\" target=\"_blank\">SITUACION COVID-19&#8212;Mar.05.2021<\/a><\/li><li><a rel=\"noreferrer noopener\" href=\"http:\/\/covid19.saludsonora.gob.mx\/wp-content\/uploads\/2021\/06\/SITUACION-COVID-19-Mar.17.2021.pdf\" target=\"_blank\">SITUACION COVID-19&#8212;Mar.17.2021<\/a><\/li><li><a rel=\"noreferrer noopener\" href=\"http:\/\/covid19.saludsonora.gob.mx\/wp-content\/uploads\/2021\/06\/SITUACION-COVID-19-Mar.22.2021.pdf\" target=\"_blank\">SITUACION COVID-19&#8212;Mar.22.2021<\/a><\/li><li><a rel=\"noreferrer noopener\" href=\"http:\/\/covid19.saludsonora.gob.mx\/wp-content\/uploads\/2021\/06\/SITUACION-COVID-19-Mar.29.2021.pdf\" target=\"_blank\">SITUACION COVID-19&#8212;Mar.29.2021<\/a><\/li><li><a href=\"http:\/\/covid19.saludsonora.gob.mx\/wp-content\/uploads\/2021\/07\/POR-QUE-SONORA-ESTA-EN-AMARILLO-Mar.01-07.2021.pdf\" target=\"_blank\" rel=\"noreferrer noopener\">POR QU\u00c9 SONORA EST\u00c1 EN AMARILLO&#8212;Mar.01-07.2021<\/a><\/li><li><a href=\"http:\/\/covid19.saludsonora.gob.mx\/wp-content\/uploads\/2021\/07\/POR-QUE-SONORA-ESTA-EN-AMARILLO-Mar.08-14.2021.pdf\" target=\"_blank\" rel=\"noreferrer noopener\">POR QUE SONORA ESTA EN AMARILLO&#8212;Mar.08-14.2021<\/a><\/li><li><a href=\"http:\/\/covid19.saludsonora.gob.mx\/wp-content\/uploads\/2021\/07\/POR-QUE-SONORA-ESTA-EN-VERDE-Mar.15-21.2021.pdf\" target=\"_blank\" rel=\"noreferrer noopener\">POR QUE SONORA ESTA EN VERDE&#8212;Mar.15-21.2021<\/a><\/li><li><a href=\"http:\/\/covid19.saludsonora.gob.mx\/wp-content\/uploads\/2021\/07\/POR-QUE-SONORA-ESTA-EN-AMARILLO-Mar.29-Abr.04.2021.pdf\" target=\"_blank\" rel=\"noreferrer noopener\">POR QUE SONORA ESTA EN AMARILLO&#8212;Mar.29-Abr.04.2021<\/a><\/li><\/ul>\n\n\n\n<h3 class=\"wp-block-heading\" id=\"Abril2021\">Abril 2021<\/h3>\n\n\n\n<ul><li><a rel=\"noreferrer noopener\" href=\"http:\/\/covid19.saludsonora.gob.mx\/wp-content\/uploads\/2021\/06\/ANTICIPA-EDUCANDO-Abr.24.2021.pdf\" target=\"_blank\">ANTICIPA EDUCANDO&#8212;Abr.24.2021<\/a><\/li><li><a rel=\"noreferrer noopener\" href=\"http:\/\/covid19.saludsonora.gob.mx\/wp-content\/uploads\/2021\/06\/SITUACION-COVID-19-Abr.06.2021.pdf\" target=\"_blank\">SITUACION COVID-19&#8212;Abr.06.2021<\/a><\/li><li><a rel=\"noreferrer noopener\" href=\"http:\/\/covid19.saludsonora.gob.mx\/wp-content\/uploads\/2021\/06\/SITUACION-COVID-19-Abr.12.2021.pdf\" target=\"_blank\">SITUACION COVID-19&#8212;Abr.12.2021<\/a><\/li><li><a rel=\"noreferrer noopener\" href=\"http:\/\/covid19.saludsonora.gob.mx\/wp-content\/uploads\/2021\/06\/SITUACION-COVID-19-Abr.19.2021.pdf\" target=\"_blank\">SITUACION COVID-19&#8212;Abr.19.2021<\/a><\/li><li><a rel=\"noreferrer noopener\" href=\"http:\/\/covid19.saludsonora.gob.mx\/wp-content\/uploads\/2021\/06\/SITUACION-COVID-19-Abr.26.2021.pdf\" target=\"_blank\">SITUACION COVID-19&#8212;Abr.26.2021<\/a><\/li><li><a href=\"http:\/\/covid19.saludsonora.gob.mx\/wp-content\/uploads\/2021\/07\/POR-QUE-SONORA-ESTA-EN-AMARILLO-Abr.05-11.2021.pdf\" target=\"_blank\" rel=\"noreferrer noopener\">POR QUE SONORA ESTA EN AMARILLO&#8212;Abr.05-11.2021<\/a><\/li><li><a href=\"http:\/\/covid19.saludsonora.gob.mx\/wp-content\/uploads\/2021\/07\/POR-QUE-SONORA-ESTA-EN-AMARILLO-Abr.12-18.2021.pdf\" target=\"_blank\" rel=\"noreferrer noopener\">POR QUE SONORA ESTA EN AMARILLO&#8212;Abr.12-18.2021<\/a><\/li><li><a href=\"http:\/\/covid19.saludsonora.gob.mx\/wp-content\/uploads\/2021\/07\/POR-QUE-SONORA-ESTA-EN-AMARILLO-Abr.19-25.2021.pdf\" target=\"_blank\" rel=\"noreferrer noopener\">POR QUE SONORA ESTA EN AMARILLO&#8212;Abr.19-25.2021<\/a><\/li><li><a href=\"http:\/\/covid19.saludsonora.gob.mx\/wp-content\/uploads\/2021\/07\/POR-QUE-SONORA-ESTA-EN-AMARILLO-Abr.26-May.02.2021.pdf\" target=\"_blank\" rel=\"noreferrer noopener\">POR QUE SONORA ESTA EN AMARILLO&#8212;Abr.26-May.02.2021<\/a><\/li><\/ul>\n\n\n\n<h3 class=\"wp-block-heading\" id=\"Mayo2021\">Mayo 2021<\/h3>\n\n\n\n<ul><li><a rel=\"noreferrer noopener\" href=\"http:\/\/covid19.saludsonora.gob.mx\/wp-content\/uploads\/2021\/06\/SITUACION-COVID-19-May.03.2021.pdf\" target=\"_blank\">SITUACI\u00d3N COVID-19&#8212;May.03.2021<\/a><\/li><li><a rel=\"noreferrer noopener\" href=\"http:\/\/covid19.saludsonora.gob.mx\/wp-content\/uploads\/2021\/06\/SITUACION-COVID-19-May.10.2021.pdf\" target=\"_blank\">SITUACION COVID-19&#8212;May.10.2021<\/a><\/li><li><a rel=\"noreferrer noopener\" href=\"http:\/\/covid19.saludsonora.gob.mx\/wp-content\/uploads\/2021\/06\/SITUACION-COVID-19-May.17.2021.pdf\" target=\"_blank\">SITUACI\u00d3N COVID-19&#8212;May.17.2021<\/a><\/li><li><a rel=\"noreferrer noopener\" href=\"http:\/\/covid19.saludsonora.gob.mx\/wp-content\/uploads\/2021\/06\/SITUACION-COVID-19-May.24.2021.pdf\" target=\"_blank\">SITUACI\u00d3N COVID-19&#8212;May.24.2021<\/a><\/li><li><a href=\"http:\/\/covid19.saludsonora.gob.mx\/wp-content\/uploads\/2021\/07\/MAPA-SONORA-ANTICIPA-May.03-09.2021.pdf\" target=\"_blank\" rel=\"noreferrer noopener\">MAPA SONORA ANTICIPA&#8212;May.03-09.2021<\/a><\/li><li><a href=\"http:\/\/covid19.saludsonora.gob.mx\/wp-content\/uploads\/2021\/07\/MAPA-SONORA-ANTICIPA-May.10-16.2021.pdf\" target=\"_blank\" rel=\"noreferrer noopener\">MAPA SONORA ANTICIPA&#8212;May.10-16.2021<\/a><\/li><li><a href=\"http:\/\/covid19.saludsonora.gob.mx\/wp-content\/uploads\/2021\/07\/MAPA-SONORA-ANTICIPA-May.17-23.2021.pdf\" target=\"_blank\" rel=\"noreferrer noopener\">MAPA SONORA ANTICIPA&#8212;May.17-23.2021<\/a><\/li><li><a href=\"http:\/\/covid19.saludsonora.gob.mx\/wp-content\/uploads\/2021\/07\/MAPA-SONORA-ANTICIPA-May.24-30.2021.pdf\" target=\"_blank\" rel=\"noreferrer noopener\">MAPA SONORA ANTICIPA&#8212;May.24-30.2021<\/a><\/li><\/ul>\n\n\n\n<h3 class=\"wp-block-heading\" id=\"Junio2021\">Junio 2021<\/h3>\n\n\n\n<ul><li><a href=\"http:\/\/covid19.saludsonora.gob.mx\/wp-content\/uploads\/2021\/07\/POR-QUE-SONORA-ESTA-EN-VERDE-May.31-Jun.06.2021.pdf\" target=\"_blank\" rel=\"noreferrer noopener\">POR QUE SONORA ESTA EN VERDE&#8212;May.31-Jun.06.2021<\/a><\/li><li><a href=\"http:\/\/covid19.saludsonora.gob.mx\/wp-content\/uploads\/2021\/07\/POR-QUE-SONORA-ESTA-EN-AMARILLO-Jun.07-13.2021.pdf\" target=\"_blank\" rel=\"noreferrer noopener\">POR QUE SONORA ESTA EN AMARILLO&#8212;Jun.07-13.2021<\/a><\/li><li><a href=\"http:\/\/covid19.saludsonora.gob.mx\/wp-content\/uploads\/2021\/07\/POR-QUE-SONORA-ESTA-EN-AMARILLO-Jun.14-20.2021.pdf\" target=\"_blank\" rel=\"noreferrer noopener\">POR QUE SONORA ESTA EN AMARILLO&#8212;Jun.14-20.2021<\/a><\/li><li><a href=\"http:\/\/covid19.saludsonora.gob.mx\/wp-content\/uploads\/2021\/07\/POR-QUE-SONORA-ESTA-EN-AMARILLO-Jun.21-27.2021.pdf\" target=\"_blank\" rel=\"noreferrer noopener\">POR QUE SONORA ESTA EN AMARILLO&#8212;Jun.21-27.2021<\/a><\/li><li><a href=\"http:\/\/covid19.saludsonora.gob.mx\/wp-content\/uploads\/2021\/07\/POR-QUE-SONORA-ESTA-EN-AMARILLO-Jun.28-al-04-Jul.2021.pdf\" target=\"_blank\" rel=\"noreferrer noopener\">POR QUE SONORA ESTA EN AMARILLO &#8211; -Jun.28 al 04 Jul.2021<\/a><\/li><\/ul>\n\n\n\n<h3 class=\"wp-block-heading\" id=\"Julio2021\">Julio 2021<\/h3>\n\n\n\n<ul><li><a rel=\"noreferrer noopener\" href=\"http:\/\/covid19.saludsonora.gob.mx\/wp-content\/uploads\/2021\/07\/POR-QUE-SONORA-ESTA-EN-AMARILLO-Jul.05-al-11.2021.pdf\" target=\"_blank\">POR QUE SONORA ESTA EN AMARILLO &#8211; -Jul.05 al 11.2021<\/a><\/li><li><a rel=\"noreferrer noopener\" href=\"http:\/\/covid19.saludsonora.gob.mx\/wp-content\/uploads\/2021\/07\/MAPA-SONORA-ANTICIPA-Jul.05-11.2021.pdf\" target=\"_blank\">MAPA SONORA ANTICIPA &#8211; -Jul.05-11.2021<\/a><\/li><li><a rel=\"noreferrer noopener\" href=\"http:\/\/covid19.saludsonora.gob.mx\/wp-content\/uploads\/2021\/07\/POR-QUE-SONORA-ESTA-EN-AMARILLO-Jul.12-18.2021.pdf\" target=\"_blank\">POR QUE SONORA ESTA EN AMARILLO &#8211; -Jul.12-18.2021<\/a><\/li><li><a rel=\"noreferrer noopener\" href=\"http:\/\/covid19.saludsonora.gob.mx\/wp-content\/uploads\/2021\/07\/MAPA-SONORA-ANTICIPA-Jul.12-18.2021.pdf\" target=\"_blank\">MAPA SONORA ANTICIPA &#8211; -Jul.12-18.2021<\/a><\/li><li><a href=\"http:\/\/covid19.saludsonora.gob.mx\/wp-content\/uploads\/2021\/07\/POR-QUE-SONORA-ESTA-EN-AMARILLO-Jul.19-25.2021.pdf\" target=\"_blank\" rel=\"noreferrer noopener\">POR QUE SONORA ESTA EN AMARILLO &#8211; -Jul.19-25.2021<\/a><\/li><li><a href=\"http:\/\/covid19.saludsonora.gob.mx\/wp-content\/uploads\/2021\/07\/MAPA-SONORA-ANTICIPA-Jul.19-25.2021.pdf\" target=\"_blank\" rel=\"noreferrer noopener\">MAPA SONORA ANTICIPA &#8211; -Jul.19-25.2021<\/a><\/li><li><a rel=\"noreferrer noopener\" href=\"http:\/\/covid19.saludsonora.gob.mx\/wp-content\/uploads\/2021\/07\/POR-QUE-SONORA-ESTA-EN-AMARILLO-Jul.26-Ago.01.2021.pdf\" target=\"_blank\">POR QUE SONORA ESTA EN AMARILLO&#8212;Jul.26-Ago.01.2021<\/a><\/li><li><a rel=\"noreferrer noopener\" href=\"http:\/\/covid19.saludsonora.gob.mx\/wp-content\/uploads\/2021\/07\/MAPA-SONORA-ANTICIPA-Jul.26-Ago.01.2021.pdf\" target=\"_blank\">MAPA SONORA ANTICIPA&#8212;Jul.26-Ago.01.2021<\/a><\/li><\/ul>\n\n\n\n<h3 class=\"wp-block-heading\" id=\"Agosto2021\">Agosto 2021<\/h3>\n\n\n\n<ul><li><a rel=\"noreferrer noopener\" href=\"http:\/\/covid19.saludsonora.gob.mx\/wp-content\/uploads\/2021\/08\/POR-QUE-ESTAMOS-EN-AMARILLO-Ago.02-08.2021.pdf\" target=\"_blank\">POR QUE ESTAMOS EN AMARILLO&#8212;Ago.02-08.2021<\/a><\/li><li><a rel=\"noreferrer noopener\" href=\"http:\/\/covid19.saludsonora.gob.mx\/wp-content\/uploads\/2021\/08\/MAPA-SONORA-ANTICIPA-Ago.02-al-08.2021.pdf\" target=\"_blank\">MAPA SONORA ANTICIPA&#8212;Ago.02 al 08.2021<\/a><\/li><li><a rel=\"noreferrer noopener\" href=\"http:\/\/covid19.saludsonora.gob.mx\/wp-content\/uploads\/2021\/08\/POR-QUE-SONORA-ESTA-EN-NARANJA-Ago.09-15.2021.pdf\" target=\"_blank\">POR QUE SONORA ESTA EN NARANJA&#8212;Ago.09-15.2021<\/a><\/li><li><a rel=\"noreferrer noopener\" href=\"http:\/\/covid19.saludsonora.gob.mx\/wp-content\/uploads\/2021\/08\/MAPA-SONORA-ANTICIPA-Ago.09-15.2021.pdf\" target=\"_blank\">MAPA SONORA ANTICIPA&#8212;Ago.09-15.2021<\/a><\/li><li><a rel=\"noreferrer noopener\" href=\"http:\/\/covid19.saludsonora.gob.mx\/wp-content\/uploads\/2021\/08\/POR-QUE-SONORA-ESTA-EN-NARANJA-Ago.16-22.2021.pdf\" target=\"_blank\">POR QUE SONORA ESTA EN NARANJA&#8212;Ago.16-22.2021<\/a><\/li><li><a rel=\"noreferrer noopener\" href=\"http:\/\/covid19.saludsonora.gob.mx\/wp-content\/uploads\/2021\/08\/MAPA-SONORA-ANTICIPA-Ago.16-22.2021.pdf\" target=\"_blank\">MAPA SONORA ANTICIPA&#8212;Ago.16-22.2021<\/a><\/li><li><a rel=\"noreferrer noopener\" href=\"http:\/\/covid19.saludsonora.gob.mx\/wp-content\/uploads\/2021\/08\/POR-QUE-SONORA-ESTA-EN-NARANJA-Ago.23-29.2021.pdf\" target=\"_blank\">POR QUE SONORA ESTA EN NARANJA&#8212;-Ago.23-29.2021<\/a><\/li><li><a rel=\"noreferrer noopener\" href=\"http:\/\/covid19.saludsonora.gob.mx\/wp-content\/uploads\/2021\/08\/MAPA-SONORA-ANTICIPA-Ago.23-29.2021.pdf\" target=\"_blank\">MAPA SONORA ANTICIPA&#8212;Ago.23-29.2021<\/a><\/li><li><a href=\"http:\/\/covid19.saludsonora.gob.mx\/wp-content\/uploads\/2021\/08\/POR-QUE-SONORA-ESTA-EN-NARANJA-Ago.30-05.Sept_.2021.pdf\" target=\"_blank\" rel=\"noreferrer noopener\">POR QUE SONORA ESTA EN NARANJA&#8212;Ago.30-05.Sept.2021<\/a><\/li><li><a href=\"http:\/\/covid19.saludsonora.gob.mx\/wp-content\/uploads\/2021\/08\/MAPA-SONORA-ANTICIPA-Ago.30-05.Sept_.2021.pdf\" target=\"_blank\" rel=\"noreferrer noopener\">MAPA SONORA ANTICIPA&#8212;Ago.30-05.Sept.2021<\/a><\/li><\/ul>\n\n\n\n<h3 class=\"wp-block-heading\" id=\"Septiembre2021\">Septiembre 2021<\/h3>\n\n\n\n<ul><li><a rel=\"noreferrer noopener\" href=\"http:\/\/covid19.saludsonora.gob.mx\/wp-content\/uploads\/2021\/09\/POR-QUE-SONORA-ESTA-EN-NARANJA-Sept.06-12.2021.pdf\" target=\"_blank\">POR QUE SONORA ESTA EN NARANJA&#8212;Sept.06-12.2021<\/a><\/li><li><a rel=\"noreferrer noopener\" href=\"http:\/\/covid19.saludsonora.gob.mx\/wp-content\/uploads\/2021\/09\/MAPA-SONORA-ANTICIPA-Sept.06-12.Sept_.2021.pdf\" target=\"_blank\">MAPA SONORA ANTICIPA&#8212;Sept.06-12.Sept.2021<\/a><\/li><li><a rel=\"noreferrer noopener\" href=\"http:\/\/covid19.saludsonora.gob.mx\/wp-content\/uploads\/2021\/09\/MAPA-SONORA-ANTICIPA\u2014Sept.13-19.Sept_.2021.pdf\" target=\"_blank\">MAPA SONORA ANTICIPA&#8212;Sept.13-19.Sept.2021<\/a><\/li><li><a rel=\"noreferrer noopener\" href=\"http:\/\/covid19.saludsonora.gob.mx\/wp-content\/uploads\/2021\/09\/MAPA-SONORA-ANTICIPA\u2014Sept.20-26.Sept_.2021.pdf\" target=\"_blank\">MAPA SONORA ANTICIPA&#8212;Sept.20-26.Sept.2021<\/a><\/li><li><a rel=\"noreferrer noopener\" href=\"http:\/\/covid19.saludsonora.gob.mx\/wp-content\/uploads\/2021\/09\/MAPA-SONORA-ANTICIPA\u2014Sept.27-03.Oct_.2021.pdf\" target=\"_blank\">MAPA SONORA ANTICIPA&#8212;Sept.27-03.Oct.2021<\/a><\/li><\/ul>\n\n\n\n<h3 class=\"wp-block-heading\" id=\"Octubre2021\">Octubre 2021<\/h3>\n\n\n\n<ul><li><a rel=\"noreferrer noopener\" href=\"http:\/\/covid19.saludsonora.gob.mx\/wp-content\/uploads\/2021\/10\/MAPA-SONORA-ANTICIPA%E2%80%94Oct.04-10.Oct_.2021.pdf\" target=\"_blank\">MAPA SONORA ANTICIPA&#8212;Oct.04-10.Oct.2021<\/a><\/li><li><a rel=\"noreferrer noopener\" href=\"http:\/\/covid19.saludsonora.gob.mx\/wp-content\/uploads\/2021\/10\/MAPA-SONORA-ANTICIPA%E2%80%94Oct.11-17.Oct_.2021.pdf\" target=\"_blank\">MAPA SONORA ANTICIPA&#8212;Oct.11-17.Oct.2021<\/a><\/li><li><a rel=\"noreferrer noopener\" href=\"http:\/\/covid19.saludsonora.gob.mx\/wp-content\/uploads\/2021\/10\/MAPA-SONORA-ANTICIPA%E2%80%94Oct.18-24.Oct_.2021.pdf\" target=\"_blank\">MAPA SONORA ANTICIPA&#8212;Oct.18-24.Oct.2021<\/a><\/li><li><a href=\"http:\/\/covid19.saludsonora.gob.mx\/wp-content\/uploads\/2021\/10\/MAPA-SONORA-ANTICIPA\u2014Oct.25-31.Oct_.2021.pdf\" target=\"_blank\" rel=\"noreferrer noopener\">MAPA SONORA ANTICIPA&#8212;Oct.25-31.Oct.2021<\/a><\/li><\/ul>\n\n\n\n<h3 class=\"wp-block-heading\" id=\"Noviembre2021\">Noviembre 2021<\/h3>\n\n\n\n<ul><li><a href=\"http:\/\/covid19.saludsonora.gob.mx\/wp-content\/uploads\/2021\/10\/MAPA-SONORA-ANTICIPA\u2014Nov.01-07.Nov_.2021.pdf\" target=\"_blank\" rel=\"noreferrer noopener\">MAPA SONORA ANTICIPA&#8212;Nov.01-07.Nov.2021<\/a><\/li><\/ul>\n","protected":false},"excerpt":{"rendered":"<p>Junio 2020 SITUACI\u00d3N EPIDEMIOLOGICA Y TABLERO&#8212;Jun.01.2020 SITUACI\u00d3N EPIDEMIOLOGICA Y TABLERO&#8212;Jun.02.2020 SITUACI\u00d3N EPIDEMIOLOGICA Y TABLERO&#8212;Jun.07.2020 SITUACI\u00d3N EPIDEMIOL\u00d3GICA Y TABLERO COVID-19&#8212;Jun.09.2020 SITUACI\u00d3N EPIDEMIOL\u00d3GICA COVID-19 (POSICIONAMIENTO)&#8212;Jun.10.2020 SITUACI\u00d3N EPIDEMIOL\u00d3GICA COVID-19 PARA DIPUTADOS&#8212;Jun.14.2020 SITUACI\u00d3N EPIDEMIOL\u00d3GICA COVID-19 PRESIDENTES&#8212;Jun.15.2020 SITUACI\u00d3N EPIDEMIOL\u00d3GICA COVID-19&#8212;Jun.20.2020 COVID-19. SITUACI\u00d3N Y TABLERO&#8212;Jun.21.2020 COVID-19. SITUACI\u00d3N Y TABLERO&#8212;Jun.24.2020 Julio 2020 COVID-19 POR JURISDICCI\u00d3N&#8212;Jul.24.2020 COVID-19 POR JURISDICCI\u00d3N&#8212;Jul.25.2020 COVID-19. MORTALIDAD&#8212;Jul.31.2020 COVID-19. SITUACI\u00d3N&#8230;<\/p>\n","protected":false},"author":3,"featured_media":0,"parent":0,"menu_order":0,"comment_status":"closed","ping_status":"closed","template":"","meta":{"footnotes":""},"_links":{"self":[{"href":"http:\/\/covid19.saludsonora.gob.mx\/index.php?rest_route=\/wp\/v2\/pages\/2339"}],"collection":[{"href":"http:\/\/covid19.saludsonora.gob.mx\/index.php?rest_route=\/wp\/v2\/pages"}],"about":[{"href":"http:\/\/covid19.saludsonora.gob.mx\/index.php?rest_route=\/wp\/v2\/types\/page"}],"author":[{"embeddable":true,"href":"http:\/\/covid19.saludsonora.gob.mx\/index.php?rest_route=\/wp\/v2\/users\/3"}],"replies":[{"embeddable":true,"href":"http:\/\/covid19.saludsonora.gob.mx\/index.php?rest_route=%2Fwp%2Fv2%2Fcomments&post=2339"}],"version-history":[{"count":42,"href":"http:\/\/covid19.saludsonora.gob.mx\/index.php?rest_route=\/wp\/v2\/pages\/2339\/revisions"}],"predecessor-version":[{"id":2839,"href":"http:\/\/covid19.saludsonora.gob.mx\/index.php?rest_route=\/wp\/v2\/pages\/2339\/revisions\/2839"}],"wp:attachment":[{"href":"http:\/\/covid19.saludsonora.gob.mx\/index.php?rest_route=%2Fwp%2Fv2%2Fmedia&parent=2339"}],"curies":[{"name":"wp","href":"https:\/\/api.w.org\/{rel}","templated":true}]}}