{"id":2,"date":"2020-03-18T16:42:44","date_gmt":"2020-03-18T16:42:44","guid":{"rendered":"http:\/\/covid19.saludsonora.gob.mx\/\/?page_id=2"},"modified":"2020-06-19T17:32:43","modified_gmt":"2020-06-20T00:32:43","slug":"sample-page","status":"publish","type":"page","link":"http:\/\/covid19.saludsonora.gob.mx\/","title":{"rendered":"Salud Sonora"},"content":{"rendered":"\n<h2 class=\"wp-block-heading\" id=\"Inicio\"><strong>Respuesta inicial de Salud P\u00fablica en Sonora ante la epidemia por el nuevo coronavirus 2019 (COVID-19)<\/strong><\/h2>\n\n\n\n<blockquote class=\"wp-block-quote is-layout-flow wp-block-quote-is-layout-flow\"><p><strong>Con el objetivo de fortalecer la capacidad de respuesta ante la aparici\u00f3n de casos de este padecimiento, ponemos a su disposici\u00f3n la siguiente informaci\u00f3n:<\/strong> <\/p><\/blockquote>\n\n\n\n<p><\/p>\n\n\n\n<h2 id=\"Guia\">Gu\u00eda COVID-19<\/h2>\n<h2><a href=\"http:\/\/covid19.saludsonora.gob.mx\/wp-content\/uploads\/2020\/04\/GUIA-PROMOCION-DE-LA-SALUD-COVID-19.pdf\">GU\u00cdA PROMOCI\u00d3N DE LA SALUD COVID-19<\/a><\/h2>\n\n\n\n<p><\/p>\n\n\n\n<h2 class=\"wp-block-heading\" id=\"Personal\">Informaci\u00f3n Para Personal de Salud<\/h2>\n\n\n\n<ol><li><a href=\"https:\/\/ncov2019sonora.files.wordpress.com\/2020\/02\/respuesta-salud-publica-coronavirus-feb.08.2020-1.pdf\">Respuesta inicial de Salud P\u00fablica en Sonora ante el Nuevo Coronavirus 2019 (COVID-19)<\/a><\/li><li><a href=\"https:\/\/ncov2019sonora.files.wordpress.com\/2020\/02\/1.-enf-resp-aguda-covid-19-hosp-feb.10.2020-1.pdf\">Enfermedad respiratoria aguda por nuevo coronavirus 2019 (COVID-19) a nivel hospitalario<\/a><\/li><li><a href=\"https:\/\/ncov2019sonora.files.wordpress.com\/2020\/02\/enf-resp-aguda-covid-19-primer-nivel.pdf\">Enfermedad respiratoria aguda por nuevo coronavirus 2019 (COVID-19) en el primer nivel de atenci\u00f3n<\/a><\/li><li><a href=\"https:\/\/ncov2019sonora.files.wordpress.com\/2020\/02\/prevenciocc81n_covid-19.pdf.pdf.pdf.pdf.pdf.pdf.pdf.pdf.pdf.pdf\">Proceso de prevenci\u00f3n de infecciones para las personas con COVID-19<\/a><\/li><li><a href=\"https:\/\/ncov2019sonora.files.wordpress.com\/2020\/02\/protocolo_de_bioseguridad_y_biocustodia_2019-ncov__caso_sospechosos_indre_31012020.pdf\">Protocolo de bioseguridad y biocustodia COVID \u2013 19<\/a><\/li><li><a href=\"https:\/\/ncov2019sonora.files.wordpress.com\/2020\/02\/monografia-equipo-de-protecciocc81n-personal.pdf\">Monograf\u00eda para el uso de equipo de protecci\u00f3n personal<\/a><\/li><li><a href=\"https:\/\/ncov2019sonora.files.wordpress.com\/2020\/03\/reunion-css-covid-19-mar.02.2020.pdf\">Presentaci\u00f3n Comit\u00e9 Intersectorial de Salud \u2013 02 de marzo 2020<\/a><\/li><li><a href=\"https:\/\/ncov2019sonora.files.wordpress.com\/2020\/02\/monografia-de-coronavirus-rev-gah.pdf\">Monograf\u00eda sobre Coronavirus <\/a>  <\/li><li><a rel=\"noreferrer noopener\" href=\"http:\/\/covid19.saludsonora.gob.mx\/wp-content\/uploads\/2020\/06\/ACCIONES-BRIGADAS-COVID-19.pdf\" target=\"_blank\">Acciones Brigadas COVID-19<\/a><\/li><li><a rel=\"noreferrer noopener\" href=\"http:\/\/covid19.saludsonora.gob.mx\/wp-content\/uploads\/2020\/06\/COVID-19.-CUIDADOS-PARA-PERSONAL-DE-SALUD.pdf\" target=\"_blank\">COVID-19. CUIDADOS PARA PERSONAL DE SALUD<\/a><\/li><li><a rel=\"noreferrer noopener\" href=\"http:\/\/covid19.saludsonora.gob.mx\/wp-content\/uploads\/2020\/06\/USO-DE-CUBREBOCAS.pdf\" target=\"_blank\">Uso de Cubrebocas<\/a><\/li><li><a rel=\"noreferrer noopener\" href=\"http:\/\/covid19.saludsonora.gob.mx\/wp-content\/uploads\/2020\/06\/PLAN-DE-CONTINGENCIA-SONORA-COVID-19.pdf\" target=\"_blank\">Plan de Contingencia Sonora COVID-19<\/a><\/li><li><a rel=\"noreferrer noopener\" href=\"http:\/\/covid19.saludsonora.gob.mx\/wp-content\/uploads\/2020\/06\/CARTILLA-MANEJO-DE-RESIDUOS-SOLIDOS-COVID19.pdf\" target=\"_blank\">CARTILLA MANEJO DE RESIDUOS S\u00d3LIDOS COVID19<\/a><\/li><li><a rel=\"noreferrer noopener\" href=\"http:\/\/covid19.saludsonora.gob.mx\/wp-content\/uploads\/2020\/06\/GU\u00cdA-LLENADO-DE-CERTIFICADOS-DEFUNCION-SSA-2020.pdf\" target=\"_blank\">GU\u00cdA LLENADO DE CERTIFICADOS DEFUNCI\u00d3N SSA, 2020<\/a><\/li><li><a rel=\"noreferrer noopener\" href=\"http:\/\/covid19.saludsonora.gob.mx\/wp-content\/uploads\/2020\/06\/GU\u00cdA-PARA-EL-MANEJO-DE-CAD\u00c1VERES-COVID-19.pdf\" target=\"_blank\">GU\u00cdA PARA EL MANEJO DE CAD\u00c1VERES COVID-19<\/a><\/li><li><a rel=\"noreferrer noopener\" href=\"http:\/\/covid19.saludsonora.gob.mx\/wp-content\/uploads\/2020\/06\/GUIDELINE-PREVENTING-INFECTIONS-CDC-2007.pdf\" target=\"_blank\">GUIDELINE PREVENTING INFECTIONS CDC, 2007<\/a><\/li><li><a rel=\"noreferrer noopener\" href=\"http:\/\/covid19.saludsonora.gob.mx\/wp-content\/uploads\/2020\/06\/LINEAMIENTO-VIGILANCIA-EPI-Y-DE-LAB-COVID19-SSA-2020.pdf\" target=\"_blank\">LINEAMIENTO VIGILANCIA EPI Y DE LAB COVID19 SSA, 2020<\/a><\/li><li><a rel=\"noreferrer noopener\" href=\"http:\/\/covid19.saludsonora.gob.mx\/wp-content\/uploads\/2020\/06\/MANUAL-DE-PREVENCION-Y-TRATAMIENTO-COVID19-CHINA.pdf\" target=\"_blank\">MANUAL DE PREVENCI\u00d3N Y TRATAMIENTO COVID19 CHINA<\/a><\/li><li><a rel=\"noreferrer noopener\" href=\"http:\/\/covid19.saludsonora.gob.mx\/wp-content\/uploads\/2020\/06\/MENTAL-CARE-FOR-MEDICAL-STAFF.pdf\" target=\"_blank\">MENTAL CARE FOR MEDICAL STAFF<\/a><\/li><li><a rel=\"noreferrer noopener\" href=\"http:\/\/covid19.saludsonora.gob.mx\/wp-content\/uploads\/2020\/06\/PLAN-MANEJO-ATENCION-PRIMARIA-COVID19-ESPA\u00d1A.pdf\" target=\"_blank\">PLAN MANEJO ATENCI\u00d3N PRIMARIA COVID19 ESPA\u00d1A<\/a><\/li><li><a rel=\"noreferrer noopener\" href=\"http:\/\/covid19.saludsonora.gob.mx\/wp-content\/uploads\/2020\/06\/PREVENTING-TRANSMISSION-OF-INFECTIOUS-AGENTS-IN-HEALTHCARE-SETTINGS-CDC-2007.pdf\" target=\"_blank\">PREVENTING TRANSMISSION OF INFECTIOUS AGENTS IN HEALTHCARE SETTINGS CDC, 2007<\/a><\/li><li><a rel=\"noreferrer noopener\" href=\"http:\/\/covid19.saludsonora.gob.mx\/wp-content\/uploads\/2020\/06\/WHO-CENTRE.pdf\" target=\"_blank\">WHO CENTRE &#8211; SEVERE ACUTE RESPIRATORY INFECTIONS TREATMENT CENTRE<\/a><\/li><li><a href=\"http:\/\/covid19.saludsonora.gob.mx\/wp-content\/uploads\/2020\/06\/ASINTOM\u00c1TICOS-COVID19.pdf\" target=\"_blank\" rel=\"noreferrer noopener\">ASINTOM\u00c1TICOS COVID-19<\/a><\/li><li><a href=\"http:\/\/covid19.saludsonora.gob.mx\/wp-content\/uploads\/2020\/06\/CERTIFICADO-DE-DEFUNCION-COVID19.pdf\" target=\"_blank\" rel=\"noreferrer noopener\">CERTIFICADO DE DEFUNCI\u00d3N COVID-19<\/a><\/li><li><a href=\"http:\/\/covid19.saludsonora.gob.mx\/wp-content\/uploads\/2020\/06\/LINEAMIENTOS-T\u00c9CNICOS-DE-SEGURIDAD-LABORAL.pdf\" target=\"_blank\" rel=\"noreferrer noopener\">LINEAMIENTOS T\u00c9CNICOS DE SEGURIDAD LABORAL<\/a><\/li><li><a href=\"http:\/\/covid19.saludsonora.gob.mx\/wp-content\/uploads\/2020\/06\/MEDIDAS-DE-CONTINGENCIA-COMUNITARIA.pdf\" target=\"_blank\" rel=\"noreferrer noopener\">MEDIDAS DE CONTINGENCIA COMUNITARIA<\/a><\/li><li><a href=\"http:\/\/covid19.saludsonora.gob.mx\/wp-content\/uploads\/2020\/06\/MEDIDAS-DE-PRECAUCION-EN-EL-PRIMER-NIVEL-DE-ATENCI\u00d3N-COVID-19.pdf\" target=\"_blank\" rel=\"noreferrer noopener\">MEDIDAS DE PRECAUCI\u00d3N EN EL PRIMER NIVEL DE ATENCI\u00d3N COVID-19<\/a><\/li><li><a href=\"http:\/\/covid19.saludsonora.gob.mx\/wp-content\/uploads\/2020\/06\/PRUEBAS-R\u00c1PIDAS-COVID19.pdf\" target=\"_blank\" rel=\"noreferrer noopener\">PRUEBAS R\u00c1PIDAS COVID-19<\/a><\/li><li><a href=\"http:\/\/covid19.saludsonora.gob.mx\/wp-content\/uploads\/2020\/06\/RECOMENDACIONES-PARA-USO-DE-PRUEBAS-R\u00c1PIDAS.pdf\" target=\"_blank\" rel=\"noreferrer noopener\">RECOMENDACIONES PARA USO DE PRUEBAS R\u00c1PIDAS<\/a><\/li><\/ol>\n\n\n\n<p><strong>CLICK AQU\u00cd PARA CONSULTA DE<\/strong>&nbsp;<a rel=\"noreferrer noopener\" href=\"https:\/\/www.dropbox.com\/sh\/1r1uangk8mdkqzy\/AADMYWqd4JD0OlzTQoI1QOnQa?dl=0\" target=\"_blank\"><strong>BIBLIOGRAF\u00cdA SOBRE EL NUEVO CORONAVIRUS<\/strong><\/a>&nbsp;(COVID-19)<\/p>\n\n\n\n<p><strong>\u00bfQu\u00e9 tanto sabes del nuevo coronavirus (COVID-19)? <\/strong><br><strong>responde esta breve encuesta<\/strong>: <a href=\"https:\/\/es.surveymonkey.com\/r\/SHWP9MP\">(Clic aqui)<\/a>.<\/p>\n\n\n\n<h2 id=\"Poblacion\">Informaci\u00f3n Para la Poblaci\u00f3n General<\/h2>\n\n\n\n<ol><li><a href=\"https:\/\/ncov2019sonora.files.wordpress.com\/2020\/02\/coronavirus-version-simple-dgprospe-feb.04.2020.pdf\">Nuevo Coronavirus (COVID-19) para poblaci\u00f3n general<\/a>.<\/li><li><a href=\"https:\/\/ncov2019sonora.files.wordpress.com\/2020\/02\/hoja-de-hechos-ira-coronavirus-vobo-gah-.pdf\">Hoja de Hechos Coronavirus<\/a>.<\/li><li><a href=\"https:\/\/ncov2019sonora.files.wordpress.com\/2020\/02\/monografia-de-influenza.pdf\">Monograf\u00eda sobre influenza<\/a><a href=\"https:\/\/ncov2019sonora.files.wordpress.com\/2020\/02\/recado-escolar_270220.pdf.pdf\">.<\/a> <\/li><li><a href=\"https:\/\/ncov2019sonora.files.wordpress.com\/2020\/02\/recado-escolar_270220.pdf.pdf\">Recado Escolar : Coronavirus (COVID-19)<\/a><a href=\"https:\/\/ncov2019sonora.files.wordpress.com\/2020\/02\/diptico-para-empleadores-y-trabajadores_260220.pdf.pdf\">.<\/a> <\/li><li><a href=\"https:\/\/ncov2019sonora.files.wordpress.com\/2020\/02\/diptico-para-empleadores-y-trabajadores_260220.pdf.pdf\">Informaci\u00f3n para trabajadores y empleadores (COVID-19)<\/a>.<\/li><li><a rel=\"noreferrer noopener\" href=\"http:\/\/covid19.saludsonora.gob.mx\/wp-content\/uploads\/2020\/06\/LINEAMIENTOS-T\u00c9CNICOS-DE-SEGURIDAD-SANITARIA-EN-EL-ENTORNO-LABORAL.pdf\" target=\"_blank\">Lineamientos T\u00e9cnicos de Seguridad Sanitaria en el Entorno Laboral<\/a><\/li><li><a rel=\"noreferrer noopener\" href=\"http:\/\/covid19.saludsonora.gob.mx\/wp-content\/uploads\/2020\/06\/5-PASOS-CONTRA-COVID19.pdf\" target=\"_blank\">Los 5 Pasos Contra COVID-19<\/a><\/li><li><a href=\"http:\/\/covid19.saludsonora.gob.mx\/wp-content\/uploads\/2020\/06\/GUIA-PROMOCION-DE-LA-SALUD-COVID-19-FINAL.pdf\" target=\"_blank\" rel=\"noreferrer noopener\">GU\u00cdA PROMOCI\u00d3N DE LA SALUD COVID-19<\/a><\/li><li><a href=\"http:\/\/covid19.saludsonora.gob.mx\/wp-content\/uploads\/2020\/06\/LINEAMIENTO-ESPACIOS-ABIERTOS.pdf\" target=\"_blank\" rel=\"noreferrer noopener\">LINEAMIENTO ESPACIOS ABIERTOS<\/a><\/li><li><a href=\"http:\/\/covid19.saludsonora.gob.mx\/wp-content\/uploads\/2020\/06\/LINEAMIENTO-ESPACIOS-CERRADOS-COVID19.pdf\" target=\"_blank\" rel=\"noreferrer noopener\">LINEAMIENTO ESPACIOS CERRADOS COVID-19<\/a><\/li><li><a href=\"http:\/\/covid19.saludsonora.gob.mx\/wp-content\/uploads\/2020\/06\/MITOS-DEL-COVID19.pdf\" target=\"_blank\" rel=\"noreferrer noopener\">MITOS DEL COVID-19<\/a><\/li><\/ol>\n\n\n\n<h2 id=\"Enlaces\">Enlaces de Inter\u00e9s<\/h2>\n\n\n\n<ol><li><a href=\"https:\/\/www.gob.mx\/salud\/documentos\/aviso-epidemiologico-casos-de-infeccion-respiratoria-asociados-a-nuevo-coronavirus-2019-ncov\">Direcci\u00f3n General de Epidemiolog\u00eda- Comunicado diario<\/a><\/li><li><a href=\"https:\/\/www.who.int\/emergencies\/diseases\/novel-coronavirus-2019\/situation-reports\">Situaci\u00f3n epidemiol\u00f3gica diaria COVID- 19 \u2013 Organizaci\u00f3n mundial de la Salud<\/a><\/li><li><a href=\"https:\/\/www.who.int\/es\"> Organizaci\u00f3n mundial de la Salud (OMS)<\/a><\/li><li><a href=\"https:\/\/www.cdc.gov\/\">Centro de Control de Enfermedades (CDC)<\/a><\/li><li><a href=\"https:\/\/www.ecdc.europa.eu\/en\/home\">Centro de Control de Enfermedades \u2013 Europa (ECDC)<\/a><\/li><li><a href=\"https:\/\/www.gob.mx\/salud\/documentos\/nuevo-coronavirus\">Informaci\u00f3n General sobre el Nuevo Coronavirus (COVID-19)<\/a><\/li><li><a href=\"https:\/\/www.thelancet.com\/coronavirus?utm_campaign=update-lanpub&amp;utm_source=hs_email&amp;utm_medium=email&amp;utm_content=83655788&amp;_hsenc=p2ANqtz-_McZloINc3Jn7ze_ESDl-yvMbNC7tZVzXmLg61woEguNTDoO-zPvLyVzQ2141JcJYjBehAGg1kx03hycx6rwqK4RSnpg&amp;_hsmi=83655788\">COVID-19 Resource center \u2013 The Lancet<\/a><\/li><\/ol>\n\n\n\n<h2 class=\"wp-block-heading\" id=\"Contacto\">Contacto<\/h2>\n\n\n\n<p \"class=\"has-text-align-left\">Direcci\u00f3n General de Promoci\u00f3n a la Salud y Prevenci\u00f3n de Enfermedades Direcci\u00f3n de Epidemiolog\u00eda<br>\nUnidad de Inteligencia Epidemiol\u00f3gica y Emergencias en Salud<br>\n662-2162759<\/p>\n\n\n\n\n\n<p><\/p>\n","protected":false},"excerpt":{"rendered":"<p>Respuesta inicial de Salud P\u00fablica en Sonora ante la epidemia por el nuevo coronavirus 2019 (COVID-19) Con el objetivo de fortalecer la capacidad de respuesta ante la aparici\u00f3n de casos de este padecimiento, ponemos a su disposici\u00f3n la siguiente informaci\u00f3n: Gu\u00eda COVID-19 GU\u00cdA PROMOCI\u00d3N DE LA SALUD COVID-19 Informaci\u00f3n Para Personal de Salud Respuesta inicial&#8230;<\/p>\n","protected":false},"author":1,"featured_media":0,"parent":0,"menu_order":0,"comment_status":"closed","ping_status":"open","template":"","meta":{"footnotes":""},"_links":{"self":[{"href":"http:\/\/covid19.saludsonora.gob.mx\/index.php?rest_route=\/wp\/v2\/pages\/2"}],"collection":[{"href":"http:\/\/covid19.saludsonora.gob.mx\/index.php?rest_route=\/wp\/v2\/pages"}],"about":[{"href":"http:\/\/covid19.saludsonora.gob.mx\/index.php?rest_route=\/wp\/v2\/types\/page"}],"author":[{"embeddable":true,"href":"http:\/\/covid19.saludsonora.gob.mx\/index.php?rest_route=\/wp\/v2\/users\/1"}],"replies":[{"embeddable":true,"href":"http:\/\/covid19.saludsonora.gob.mx\/index.php?rest_route=%2Fwp%2Fv2%2Fcomments&post=2"}],"version-history":[{"count":70,"href":"http:\/\/covid19.saludsonora.gob.mx\/index.php?rest_route=\/wp\/v2\/pages\/2\/revisions"}],"predecessor-version":[{"id":878,"href":"http:\/\/covid19.saludsonora.gob.mx\/index.php?rest_route=\/wp\/v2\/pages\/2\/revisions\/878"}],"wp:attachment":[{"href":"http:\/\/covid19.saludsonora.gob.mx\/index.php?rest_route=%2Fwp%2Fv2%2Fmedia&parent=2"}],"curies":[{"name":"wp","href":"https:\/\/api.w.org\/{rel}","templated":true}]}}